{"id":116087,"date":"2019-06-11T08:07:20","date_gmt":"2019-06-11T18:07:20","guid":{"rendered":"https:\/\/www.balnea.ca\/?page_id=116087"},"modified":"2021-07-13T13:00:55","modified_gmt":"2021-07-13T17:00:55","slug":"ete-2019","status":"publish","type":"page","link":"https:\/\/www.balnea.ca\/en\/ete-2019\/","title":{"rendered":"Here and now, summer"},"content":{"rendered":"<div  class=\"one ppb_boxed_text_button\" >\n<div class=\"ppb_boxed_text_button_wrapper\" style=\"background-color:#fff;\"><\/div>\n<\/div>\n<p><!-- AddThis Advanced Settings generic via filter on the_content --><!-- AddThis Share Buttons generic via filter on the_content --><!-- AddThis Related Posts generic via filter on the_content --><\/p>\n<div  class=\"one withsmallpadding ppb_text\" style=\"text-align:left;padding:30px 0 30px 0;\" >\n<div class=\"standard_wrapper\">\n<div class=\"page_content_wrapper wide\">\n<div class=\"inner\">\n<div style=\"margin:auto;width:100%\">\n<p>Our 400-acre domain offers a space where to restore our energy is at the heart of all our endeavours: With its lake and its beach club, the mountain, the thermal experience, a refined gastronomy and exceptional installations, the reserve was developed to meet the well-being and relaxation needs of its guests.<\/p>\n<p><span style=\"color: #00acd4;\">Welcome to our domain.<\/span><\/p>\n<p><!-- AddThis Advanced Settings generic via filter on the_content --><!-- AddThis Share Buttons generic via filter on the_content --><!-- AddThis Related Posts generic via filter on the_content --><\/div>\n<\/div>\n<\/div>\n<\/div>\n<\/div>\n<div  class=\"one withsmallpadding ppb_text\" style=\"text-align:left;padding:30px 0 30px 0;\" >\n<div class=\"standard_wrapper\">\n<div class=\"page_content_wrapper wide\">\n<div class=\"inner\">\n<div style=\"margin:auto;width:100%\">\n<p style=\"text-align: center;\"><iframe loading=\"lazy\" src=\"https:\/\/www.youtube.com\/embed\/iei4qPxLoDU\" width=\"560\" height=\"315\" frameborder=\"0\" allowfullscreen=\"allowfullscreen\"><\/iframe><\/p>\n<p>\n<!-- AddThis Advanced Settings generic via filter on the_content --><!-- AddThis Share Buttons generic via filter on the_content --><!-- AddThis Related Posts generic via filter on the_content --><\/div>\n<\/div>\n<\/div>\n<\/div>\n<\/div>\n<div  class=\"one ppb_card_two_cols_with_image\" style=\"position:relative;padding:0px 0 0px 0;\" >\n<div class=\"standard_wrapper\">\n<div class=\"page_content_wrapper wide\">\n<div class=\"inner\">\n<div class=\"one_half parallax_scroll parallax_text\" style=\"width:50%;position:absolute;padding:0px;z-index:2;block !important;background:#fff;\" data-stellar-ratio=\"1.3\">\n<h2 class=\"ppb_title\" style=\"\">e-ticket<\/h2>\n<div class=\"ppb_header_content\">\n<p><strong><span style=\"color: #00acd4;\">NEW !<\/span><\/strong> Plan your next visit to the thermal reserve and take advantage of our special rates for the thermal experience and guarantee you access to the site even on very busy days.<\/p>\n<p><span style=\"color: #00acd4;\">Do you have your E-ticket ?<\/span><\/p>\n<p style=\"text-align: center;\"><a class=\"button small \" onclick=\"window.open('https:\/\/www.balnea.ca\/en\/e-ticket\/', '_self')\">CALENDAR OFFERS<\/a><\/p>\n<p>\n<!-- AddThis Advanced Settings generic via filter on the_content --><!-- AddThis Share Buttons generic via filter on the_content --><!-- AddThis Related Posts generic via filter on the_content --><\/div>\n<\/div>\n<div class=\"one_half parallax_scroll_image last\" style=\"width:50%;\"><\/div>\n<p><br class=\"clear\"\/><\/div>\n<\/div>\n<\/div>\n<\/div>\n<div  class=\"one ppb_card_two_cols_with_image\" style=\"position:relative;padding:0px 0 0px 0;\" >\n<div class=\"standard_wrapper\">\n<div class=\"page_content_wrapper wide\">\n<div class=\"inner\">\n<div class=\"one_half parallax_scroll parallax_text\" style=\"width:50%;position:absolute;padding:0px;z-index:2;block !important;background:#fff;\" data-stellar-ratio=\"1.3\">\n<h2 class=\"ppb_title\" style=\"\">e-ticket<\/h2>\n<div class=\"ppb_header_content\">\n<p><strong><span style=\"color: #00acd4;\">NEW !<\/span><\/strong> Plan your next visit to the thermal reserve and take advantage of our special rates for the thermal experience and guarantee you access to the site even on very busy days.<\/p>\n<p><span style=\"color: #00acd4;\">Do you have your E-ticket ?<\/span><\/p>\n<p style=\"text-align: center;\"><a class=\"button small \" onclick=\"window.open('https:\/\/www.balnea.ca\/en\/e-ticket\/', '_self')\">CALENDAR OFFERS<\/a><\/p>\n<p>\n<!-- AddThis Advanced Settings generic via filter on the_content --><!-- AddThis Share Buttons generic via filter on the_content --><!-- AddThis Related Posts generic via filter on the_content --><\/div>\n<\/div>\n<div class=\"one_half parallax_scroll_image last\" style=\"width:50%;\"><\/div>\n<p><br class=\"clear\"\/><\/div>\n<\/div>\n<\/div>\n<\/div>\n<div  class=\"one ppb_card_two_cols_with_image\" style=\"position:relative;padding:0px 0 0px 0;\" >\n<div class=\"standard_wrapper\">\n<div class=\"page_content_wrapper wide\">\n<div class=\"inner\">\n<div class=\"one_half parallax_scroll parallax_text\" style=\"width:50%;position:absolute;padding:0px;z-index:2;block !important;background:#fff;\" data-stellar-ratio=\"1.3\">\n<h2 class=\"ppb_title\" style=\"\">MASSAGES &amp; CARES<\/h2>\n<div class=\"ppb_header_content\">\n<p>Traditional or classic massages, exceptional beauty treatments, mythical rituals, cures, couples massages, personalized treatments, all to be offered without moderation. Therapists among Quebec\u2019s elite are constantly honing their skills and expertise to offer an exceptional experience in cares and massage therapy; <span style=\"color: #00acd4;\">Your best care ever!<\/span><\/p>\n<div class=\"one_half \" style=\"\">\n<p style=\"text-align: center;\"><a class=\"button small \" onclick=\"window.open('https:\/\/www.balnea.ca\/en\/soins\/', '_self')\">THE PACKAGES<\/a><\/p>\n<\/div>\n<div class=\"one_half last \" style=\"\">\n<p style=\"text-align: center;\"><a class=\"button small \" onclick=\"window.open('https:\/\/www.balnea.ca\/en\/demande-reservations-en-ligne\/', '_self')\">BOOKING<\/a><\/p>\n<\/div>\n<p><br class=\"clear\"\/><\/p>\n<p><!-- AddThis Advanced Settings generic via filter on the_content --><!-- AddThis Share Buttons generic via filter on the_content --><!-- AddThis Related Posts generic via filter on the_content --><\/div>\n<\/div>\n<div class=\"one_half parallax_scroll_image last\" style=\"width:50%;\"><\/div>\n<p><br class=\"clear\"\/><\/div>\n<\/div>\n<\/div>\n<\/div>\n<div  class=\"one ppb_card_two_cols_with_image\" style=\"position:relative;padding:0px 0 0px 0;\" >\n<div class=\"standard_wrapper\">\n<div class=\"page_content_wrapper wide\">\n<div class=\"inner\">\n<div class=\"one_half parallax_scroll parallax_text\" style=\"width:50%;position:absolute;padding:0px;z-index:2;block !important;background:#fff;\" data-stellar-ratio=\"1.3\">\n<h2 class=\"ppb_title\" style=\"\">MASSAGES &amp; CARES<\/h2>\n<div class=\"ppb_header_content\">\n<p>Traditional or classic massages, exceptional beauty treatments, mythical rituals, cures, couples massages, personalized treatments, all to be offered without moderation. Therapists among Quebec\u2019s elite are constantly honing their skills and expertise to offer an exceptional experience in cares and massage therapy; <span style=\"color: #00acd4;\">Your best care ever!<\/span><\/p>\n<div class=\"one_half \" style=\"\">\n<p style=\"text-align: center;\"><a class=\"button small \" onclick=\"window.open('https:\/\/www.balnea.ca\/en\/soins\/', '_self')\">THE PACKAGES<\/a><\/p>\n<\/div>\n<div class=\"one_half last \" style=\"\">\n<p style=\"text-align: center;\"><a class=\"button small \" onclick=\"window.open('https:\/\/www.balnea.ca\/en\/demande-reservations-en-ligne\/', '_self')\">BOOKING<\/a><\/p>\n<\/div>\n<p><br class=\"clear\"\/><\/p>\n<p><!-- AddThis Advanced Settings generic via filter on the_content --><!-- AddThis Share Buttons generic via filter on the_content --><!-- AddThis Related Posts generic via filter on the_content --><\/div>\n<\/div>\n<div class=\"one_half parallax_scroll_image last\" style=\"width:50%;\"><\/div>\n<p><br class=\"clear\"\/><\/div>\n<\/div>\n<\/div>\n<\/div>\n<div  class=\"one ppb_card_two_cols_with_image\" style=\"position:relative;padding:0px 0 0px 0;\" >\n<div class=\"standard_wrapper\">\n<div class=\"page_content_wrapper wide\">\n<div class=\"inner\">\n<div class=\"one_half parallax_scroll parallax_text\" style=\"width:50%;position:absolute;padding:0px;z-index:2;block !important;background:#fff;\" data-stellar-ratio=\"1.3\">\n<h2 class=\"ppb_title\" style=\"\">BALNEA ACTIVITIES<\/h2>\n<div class=\"ppb_header_content\">\n<p>A multitude of activities inspired by BALNEA&rsquo;s Art of living are offered to you at the r\u00e9serve. <strong>At the agenda :<\/strong> Modo yoga, hiking, SUP yoga, charcoal grilled BBQ and meditation path in collaboration with <a href=\"https:\/\/www.mindspacewellbeing.com\/\">Mindspace Wellbeing.<\/a><br \/>\nTo discover (and try) absolutely throughout the summer!<\/p>\n<p style=\"text-align: center;\"><a class=\"button small \" onclick=\"window.open('https:\/\/www.balnea.ca\/en\/activities-calendar\/', '_self')\">ACTIVITIES CALENDAR<\/a><\/p>\n<p>\n<!-- AddThis Advanced Settings generic via filter on the_content --><!-- AddThis Share Buttons generic via filter on the_content --><!-- AddThis Related Posts generic via filter on the_content --><\/div>\n<\/div>\n<div class=\"one_half parallax_scroll_image last\" style=\"width:50%;\"><\/div>\n<p><br class=\"clear\"\/><\/div>\n<\/div>\n<\/div>\n<\/div>\n<div  class=\"one ppb_card_two_cols_with_image\" style=\"position:relative;padding:0px 0 0px 0;\" >\n<div class=\"standard_wrapper\">\n<div class=\"page_content_wrapper wide\">\n<div class=\"inner\">\n<div class=\"one_half parallax_scroll parallax_text\" style=\"width:50%;position:absolute;padding:0px;z-index:2;block !important;background:#fff;\" data-stellar-ratio=\"1.3\">\n<h2 class=\"ppb_title\" style=\"\">BALNEA ACTIVITIES<\/h2>\n<div class=\"ppb_header_content\">\n<p>A multitude of activities inspired by BALNEA&rsquo;s Art of living are offered to you at the r\u00e9serve. <strong>At the agenda :<\/strong> Modo yoga, hiking, SUP yoga, charcoal grilled BBQ and meditation path in collaboration with <a href=\"https:\/\/www.mindspacewellbeing.com\/\">Mindspace Wellbeing.<\/a><br \/>\nTo discover (and try) absolutely throughout the summer!<\/p>\n<p style=\"text-align: center;\"><a class=\"button small \" onclick=\"window.open('https:\/\/www.balnea.ca\/en\/activities-calendar\/', '_self')\">ACTIVITIES CALENDAR<\/a><\/p>\n<p>\n<!-- AddThis Advanced Settings generic via filter on the_content --><!-- AddThis Share Buttons generic via filter on the_content --><!-- AddThis Related Posts generic via filter on the_content --><\/div>\n<\/div>\n<div class=\"one_half parallax_scroll_image last\" style=\"width:50%;\"><\/div>\n<p><br class=\"clear\"\/><\/div>\n<\/div>\n<\/div>\n<\/div>\n<div  class=\"one ppb_card_two_cols_with_image\" style=\"position:relative;padding:0px 0 0px 0;\" >\n<div class=\"standard_wrapper\">\n<div class=\"page_content_wrapper wide\">\n<div class=\"inner\">\n<div class=\"one_half parallax_scroll parallax_text\" style=\"width:50%;position:absolute;padding:0px;z-index:2;block !important;background:#fff;\" data-stellar-ratio=\"1.3\">\n<h2 class=\"ppb_title\" style=\"\">LUMAMI CUISINE NATURE<\/h2>\n<div class=\"ppb_header_content\">\n<p>All summer long, our chef Isa\u00ebl Gadoua, will celebrate with us our regional terroir bounty.<\/p>\n<p>Always reinventing flavours as he follows the rhythm of the seasons, Isa\u00ebl will propose a summer menu offering creative dishes that will highly enhance your visit to the reserve. Taste the cuisine nature, the charcoal grilled BBQ and the Lounge menu. <span style=\"color: #00acd4;\">Open to everyone, 7 days a week.<\/span><\/p>\n<p style=\"text-align: center;\"><a class=\"button small \" onclick=\"window.open('https:\/\/www.balnea.ca\/en\/restaurant\/', '_self')\">MENUS<\/a><\/p>\n<p>\n<!-- AddThis Advanced Settings generic via filter on the_content --><!-- AddThis Share Buttons generic via filter on the_content --><!-- AddThis Related Posts generic via filter on the_content --><\/div>\n<\/div>\n<div class=\"one_half parallax_scroll_image last\" style=\"width:50%;\"><\/div>\n<p><br class=\"clear\"\/><\/div>\n<\/div>\n<\/div>\n<\/div>\n<div  class=\"one ppb_card_two_cols_with_image\" style=\"position:relative;padding:0px 0 0px 0;\" >\n<div class=\"standard_wrapper\">\n<div class=\"page_content_wrapper wide\">\n<div class=\"inner\">\n<div class=\"one_half parallax_scroll parallax_text\" style=\"width:50%;position:absolute;padding:0px;z-index:2;block !important;background:#fff;\" data-stellar-ratio=\"1.3\">\n<h2 class=\"ppb_title\" style=\"\">LUMAMI CUISINE NATURE<\/h2>\n<div class=\"ppb_header_content\">\n<p>All summer long, our chef Isa\u00ebl Gadoua, will celebrate with us our regional terroir bounty.<\/p>\n<p>Always reinventing flavours as he follows the rhythm of the seasons, Isa\u00ebl will propose a summer menu offering creative dishes that will highly enhance your visit to the reserve. Taste the cuisine nature, the charcoal grilled BBQ and the Lounge menu. <span style=\"color: #00acd4;\">Open to everyone, 7 days a week.<\/span><\/p>\n<p style=\"text-align: center;\"><a class=\"button small \" onclick=\"window.open('https:\/\/www.balnea.ca\/en\/restaurant\/', '_self')\">MENUS<\/a><\/p>\n<p>\n<!-- AddThis Advanced Settings generic via filter on the_content --><!-- AddThis Share Buttons generic via filter on the_content --><!-- AddThis Related Posts generic via filter on the_content --><\/div>\n<\/div>\n<div class=\"one_half parallax_scroll_image last\" style=\"width:50%;\"><\/div>\n<p><br class=\"clear\"\/><\/div>\n<\/div>\n<\/div>\n<\/div>\n<div  class=\"one ppb_boxed_text_button\" >\n<div class=\"ppb_boxed_text_button_wrapper\" style=\"background-color:#fff;\"><\/div>\n<\/div>\n<p><!-- AddThis Advanced Settings generic via filter on the_content --><!-- AddThis Share Buttons generic via filter on the_content --><!-- AddThis Related Posts generic via filter on the_content --><\/p>\n","protected":false},"excerpt":{"rendered":"<p>Our 400-acre domain offers a space where to restore our energy is at the heart of all our endeavours: With its lake and its beach club, the mountain, the thermal experience, a refined gastronomy and exceptional installations, the reserve was [&hellip;]<\/p>\n","protected":false},"author":2341,"featured_media":116004,"parent":0,"menu_order":3,"comment_status":"closed","ping_status":"closed","template":"","meta":{"_acf_changed":false,"footnotes":""},"class_list":["post-116087","page","type-page","status-publish","has-post-thumbnail","hentry"],"acf":[],"yoast_head":"<!-- This site is optimized with the Yoast SEO plugin v27.3 - https:\/\/yoast.com\/product\/yoast-seo-wordpress\/ -->\n<title>BALNEA : Summer 2019<\/title>\n<meta name=\"robots\" content=\"index, follow, max-snippet:-1, max-image-preview:large, max-video-preview:-1\" \/>\n<link rel=\"canonical\" href=\"https:\/\/www.balnea.ca\/en\/ete-2019\/\" \/>\n<meta property=\"og:locale\" content=\"en_US\" \/>\n<meta property=\"og:type\" content=\"article\" \/>\n<meta property=\"og:title\" content=\"BALNEA spa + r\u00e9serve thermale, massages et soins\" \/>\n<meta property=\"og:description\" content=\"Consultez nos promotions en cours ! BALNEA r\u00e9invente l\u2019art de la d\u00e9tente en conviant tous les sens \u00e0 vivre une exp\u00e9rience renversante.\" \/>\n<meta property=\"og:url\" content=\"https:\/\/www.balnea.ca\/en\/ete-2019\/\" \/>\n<meta property=\"og:site_name\" content=\"Balnea\" \/>\n<meta property=\"article:modified_time\" content=\"2021-07-13T17:00:55+00:00\" \/>\n<meta property=\"og:image\" content=\"https:\/\/www.balnea.ca\/wp-content\/uploads\/2018\/11\/promotions_og.jpg\" \/>\n\t<meta property=\"og:image:width\" content=\"1200\" \/>\n\t<meta property=\"og:image:height\" content=\"630\" \/>\n\t<meta property=\"og:image:type\" content=\"image\/jpeg\" \/>\n<meta name=\"twitter:card\" content=\"summary_large_image\" \/>\n<meta name=\"twitter:title\" content=\"BALNEA spa + r\u00e9serve thermale, massages et soins\" \/>\n<meta name=\"twitter:description\" content=\"Consultez nos promotions en cours ! BALNEA r\u00e9invente l\u2019art de la d\u00e9tente en conviant tous les sens \u00e0 vivre une exp\u00e9rience renversante.\" \/>\n<meta name=\"twitter:image\" content=\"https:\/\/www.balnea.ca\/wp-content\/uploads\/2018\/11\/accueil_twitter.jpg\" \/>\n<meta name=\"twitter:label1\" content=\"Est. reading time\" \/>\n\t<meta name=\"twitter:data1\" content=\"2 minutes\" \/>\n<script type=\"application\/ld+json\" class=\"yoast-schema-graph\">{\"@context\":\"https:\\\/\\\/schema.org\",\"@graph\":[{\"@type\":\"WebPage\",\"@id\":\"https:\\\/\\\/www.balnea.ca\\\/en\\\/ete-2019\\\/\",\"url\":\"https:\\\/\\\/www.balnea.ca\\\/en\\\/ete-2019\\\/\",\"name\":\"BALNEA : Summer 2019\",\"isPartOf\":{\"@id\":\"https:\\\/\\\/www.balnea.ca\\\/en\\\/#website\"},\"primaryImageOfPage\":{\"@id\":\"https:\\\/\\\/www.balnea.ca\\\/en\\\/ete-2019\\\/#primaryimage\"},\"image\":{\"@id\":\"https:\\\/\\\/www.balnea.ca\\\/en\\\/ete-2019\\\/#primaryimage\"},\"thumbnailUrl\":\"https:\\\/\\\/www.balnea.ca\\\/wp-content\\\/uploads\\\/2019\\\/06\\\/BAL19_Header_1920X1044_05.jpg\",\"datePublished\":\"2019-06-11T18:07:20+00:00\",\"dateModified\":\"2021-07-13T17:00:55+00:00\",\"breadcrumb\":{\"@id\":\"https:\\\/\\\/www.balnea.ca\\\/en\\\/ete-2019\\\/#breadcrumb\"},\"inLanguage\":\"en-US\",\"potentialAction\":[{\"@type\":\"ReadAction\",\"target\":[\"https:\\\/\\\/www.balnea.ca\\\/en\\\/ete-2019\\\/\"]}]},{\"@type\":\"ImageObject\",\"inLanguage\":\"en-US\",\"@id\":\"https:\\\/\\\/www.balnea.ca\\\/en\\\/ete-2019\\\/#primaryimage\",\"url\":\"https:\\\/\\\/www.balnea.ca\\\/wp-content\\\/uploads\\\/2019\\\/06\\\/BAL19_Header_1920X1044_05.jpg\",\"contentUrl\":\"https:\\\/\\\/www.balnea.ca\\\/wp-content\\\/uploads\\\/2019\\\/06\\\/BAL19_Header_1920X1044_05.jpg\",\"width\":1920,\"height\":1040},{\"@type\":\"BreadcrumbList\",\"@id\":\"https:\\\/\\\/www.balnea.ca\\\/en\\\/ete-2019\\\/#breadcrumb\",\"itemListElement\":[{\"@type\":\"ListItem\",\"position\":1,\"name\":\"Home\",\"item\":\"https:\\\/\\\/www.balnea.ca\\\/en\\\/\"},{\"@type\":\"ListItem\",\"position\":2,\"name\":\"Here and now, summer\"}]},{\"@type\":\"WebSite\",\"@id\":\"https:\\\/\\\/www.balnea.ca\\\/en\\\/#website\",\"url\":\"https:\\\/\\\/www.balnea.ca\\\/en\\\/\",\"name\":\"Balnea\",\"description\":\"Spa + r\u00e9serve thermale\",\"potentialAction\":[{\"@type\":\"SearchAction\",\"target\":{\"@type\":\"EntryPoint\",\"urlTemplate\":\"https:\\\/\\\/www.balnea.ca\\\/en\\\/?s={search_term_string}\"},\"query-input\":{\"@type\":\"PropertyValueSpecification\",\"valueRequired\":true,\"valueName\":\"search_term_string\"}}],\"inLanguage\":\"en-US\"}]}<\/script>\n<!-- \/ Yoast SEO plugin. -->","yoast_head_json":{"title":"BALNEA : Summer 2019","robots":{"index":"index","follow":"follow","max-snippet":"max-snippet:-1","max-image-preview":"max-image-preview:large","max-video-preview":"max-video-preview:-1"},"canonical":"https:\/\/www.balnea.ca\/en\/ete-2019\/","og_locale":"en_US","og_type":"article","og_title":"BALNEA spa + r\u00e9serve thermale, massages et soins","og_description":"Consultez nos promotions en cours ! BALNEA r\u00e9invente l\u2019art de la d\u00e9tente en conviant tous les sens \u00e0 vivre une exp\u00e9rience renversante.","og_url":"https:\/\/www.balnea.ca\/en\/ete-2019\/","og_site_name":"Balnea","article_modified_time":"2021-07-13T17:00:55+00:00","og_image":[{"width":1200,"height":630,"url":"https:\/\/www.balnea.ca\/wp-content\/uploads\/2018\/11\/promotions_og.jpg","type":"image\/jpeg"}],"twitter_card":"summary_large_image","twitter_title":"BALNEA spa + r\u00e9serve thermale, massages et soins","twitter_description":"Consultez nos promotions en cours ! BALNEA r\u00e9invente l\u2019art de la d\u00e9tente en conviant tous les sens \u00e0 vivre une exp\u00e9rience renversante.","twitter_image":"https:\/\/www.balnea.ca\/wp-content\/uploads\/2018\/11\/accueil_twitter.jpg","twitter_misc":{"Est. reading time":"2 minutes"},"schema":{"@context":"https:\/\/schema.org","@graph":[{"@type":"WebPage","@id":"https:\/\/www.balnea.ca\/en\/ete-2019\/","url":"https:\/\/www.balnea.ca\/en\/ete-2019\/","name":"BALNEA : Summer 2019","isPartOf":{"@id":"https:\/\/www.balnea.ca\/en\/#website"},"primaryImageOfPage":{"@id":"https:\/\/www.balnea.ca\/en\/ete-2019\/#primaryimage"},"image":{"@id":"https:\/\/www.balnea.ca\/en\/ete-2019\/#primaryimage"},"thumbnailUrl":"https:\/\/www.balnea.ca\/wp-content\/uploads\/2019\/06\/BAL19_Header_1920X1044_05.jpg","datePublished":"2019-06-11T18:07:20+00:00","dateModified":"2021-07-13T17:00:55+00:00","breadcrumb":{"@id":"https:\/\/www.balnea.ca\/en\/ete-2019\/#breadcrumb"},"inLanguage":"en-US","potentialAction":[{"@type":"ReadAction","target":["https:\/\/www.balnea.ca\/en\/ete-2019\/"]}]},{"@type":"ImageObject","inLanguage":"en-US","@id":"https:\/\/www.balnea.ca\/en\/ete-2019\/#primaryimage","url":"https:\/\/www.balnea.ca\/wp-content\/uploads\/2019\/06\/BAL19_Header_1920X1044_05.jpg","contentUrl":"https:\/\/www.balnea.ca\/wp-content\/uploads\/2019\/06\/BAL19_Header_1920X1044_05.jpg","width":1920,"height":1040},{"@type":"BreadcrumbList","@id":"https:\/\/www.balnea.ca\/en\/ete-2019\/#breadcrumb","itemListElement":[{"@type":"ListItem","position":1,"name":"Home","item":"https:\/\/www.balnea.ca\/en\/"},{"@type":"ListItem","position":2,"name":"Here and now, summer"}]},{"@type":"WebSite","@id":"https:\/\/www.balnea.ca\/en\/#website","url":"https:\/\/www.balnea.ca\/en\/","name":"Balnea","description":"Spa + r\u00e9serve thermale","potentialAction":[{"@type":"SearchAction","target":{"@type":"EntryPoint","urlTemplate":"https:\/\/www.balnea.ca\/en\/?s={search_term_string}"},"query-input":{"@type":"PropertyValueSpecification","valueRequired":true,"valueName":"search_term_string"}}],"inLanguage":"en-US"}]}},"_links":{"self":[{"href":"https:\/\/www.balnea.ca\/en\/wp-json\/wp\/v2\/pages\/116087","targetHints":{"allow":["GET"]}}],"collection":[{"href":"https:\/\/www.balnea.ca\/en\/wp-json\/wp\/v2\/pages"}],"about":[{"href":"https:\/\/www.balnea.ca\/en\/wp-json\/wp\/v2\/types\/page"}],"author":[{"embeddable":true,"href":"https:\/\/www.balnea.ca\/en\/wp-json\/wp\/v2\/users\/2341"}],"replies":[{"embeddable":true,"href":"https:\/\/www.balnea.ca\/en\/wp-json\/wp\/v2\/comments?post=116087"}],"version-history":[{"count":14,"href":"https:\/\/www.balnea.ca\/en\/wp-json\/wp\/v2\/pages\/116087\/revisions"}],"predecessor-version":[{"id":230537,"href":"https:\/\/www.balnea.ca\/en\/wp-json\/wp\/v2\/pages\/116087\/revisions\/230537"}],"wp:featuredmedia":[{"embeddable":true,"href":"https:\/\/www.balnea.ca\/en\/wp-json\/wp\/v2\/media\/116004"}],"wp:attachment":[{"href":"https:\/\/www.balnea.ca\/en\/wp-json\/wp\/v2\/media?parent=116087"}],"curies":[{"name":"wp","href":"https:\/\/api.w.org\/{rel}","templated":true}]}}