{"id":448386,"date":"2023-11-08T13:34:48","date_gmt":"2023-11-08T18:34:48","guid":{"rendered":"https:\/\/www.balnea.ca\/?page_id=448386"},"modified":"2023-11-08T14:35:17","modified_gmt":"2023-11-08T19:35:17","slug":"annonce8novembre2023","status":"publish","type":"page","link":"https:\/\/www.balnea.ca\/en\/annonce8novembre2023\/","title":{"rendered":"COMMUNIQU\u00c9 DE PRESSE"},"content":{"rendered":"<div  class=\"one withsmallpadding ppb_text\" style=\"text-align:left;padding:30px 0 30px 0;\" >\n<div class=\"standard_wrapper\">\n<div class=\"page_content_wrapper wide\">\n<div class=\"inner\">\n<div style=\"margin:auto;width:100%\">\n<h1><strong>BALNEA spa + r\u00e9serve thermale se dote de nouvelles installations uniques offrant une exp\u00e9rience toujours plus immersive et d\u00e9paysante au c\u0153ur de la nature<\/strong><\/h1>\n<p><strong>Bromont, le 8 novembre 2023<\/strong> \u2013 BALNEA spa + r\u00e9serve thermale est heureux d\u2019annoncer l\u2019ajout, \u00e0 ses installations ext\u00e9rieures, d\u2019un tout nouveau bain infini \u00e0 remous d\u2019une largeur de 70 pieds offrant un point de vue vertigineux sur le lac Gale et les Appalaches. La compl\u00e9tion de cette nouvelle installation constitue une \u00e9tape phare d\u2019un important projet d\u2019expansion de la destination BALNEA totalisant 12 millions $, soutenu financi\u00e8rement \u00e0 hauteur de 5 M $, par le Minist\u00e8re du Tourisme du Qu\u00e9bec via le <a href=\"https:\/\/www.quebec.ca\/programme-complet\">Programme d\u2019aide \u00e0 la relance de l\u2019industrie touristique (PARIT)<\/a>.<\/p>\n<p><strong>L\u2019art de la d\u00e9tente r\u00e9invent\u00e9<br \/>\n<\/strong>Depuis ses d\u00e9buts, BALNEA nourrit la vision d\u2019\u00e9largir ses installations et son offre touristique pour proposer des s\u00e9jours plus longs et multi-activit\u00e9s \u00e0 ses invit\u00e9s afin de leur faire profiter d\u2019un d\u00e9paysement complet gr\u00e2ce \u00e0 la grandeur et \u00e0 la splendeur de son site en plein c\u0153ur de la nature. Le plan de d\u00e9veloppement de la destination inclut aussi un volet agrotouristique qui a r\u00e9cemment vu le jour par la mise en place de jardins mara\u00eechers et d\u2019une serre hivernale destin\u00e9s \u00e0 approvisionner le restaurant du spa, le LUMAMI, en l\u00e9gumes frais \u00e0 l\u2019ann\u00e9e longue.<\/p>\n<p><strong>Une salle de repos unique effet plage<br \/>\n<\/strong>En cours de saison hivernale, les invit\u00e9s d\u00e9couvriront sous le nouveau bain infini, une salle de repos quatre saisons au concept exclusif. Celle-ci leur permettra de s\u2019allonger dans le sable fin et d\u2019exp\u00e9rimenter une d\u00e9tente digne d\u2019un s\u00e9jour \u00e0 la plage, sous les chauds et r\u00e9confortants rayons du soleil.<\/p>\n<p>\u00ab Cette salle fera litt\u00e9ralement voyager les invit\u00e9s alors que, pieds nus dans le sable, ils vivront une exp\u00e9rience immersive rappelant \u00e0 s\u2019y m\u00e9prendre celle d\u2019un s\u00e9jour \u00e0 la plage sous le soleil\u2026mais \u00e0 Bromont. \u00bb, affirme Denis Laframboise, pr\u00e9sident de BALNEA spa + r\u00e9serve thermale<\/p>\n<p><strong>Un projet durable<br \/>\n<\/strong>La conception des nouvelles installations a \u00e9t\u00e9 r\u00e9alis\u00e9e en collaboration avec MacKay-Lyons Sweetapple Architects, qui a \u00e9t\u00e9 retenu comme partenaire pour la qualit\u00e9 de ses m\u00e9thodes \u00e0 faibles impacts environnementaux, aspect primordial pour BALNEA. Le projet d\u2019agrandissement des installations du spa inclut aussi de nouvelles installations de traitement des eaux us\u00e9es d\u00e9j\u00e0 mises en place au printemps 2023 et l\u2019ajout de chauffage \u00e0 la biomasse \u00e0 venir en 2024.<\/p>\n<p>Une nouvelle terrasse adjacente au bain infini ainsi que la serre hivernale seront d\u2019ailleurs chauff\u00e9es \u00e0 partir de la r\u00e9cup\u00e9ration de la chaleur perdue des salles m\u00e9caniques.<\/p>\n<p><strong>Agrandissement du Beatnik Hotel<br \/>\n<\/strong>La premi\u00e8re phase de ce projet dont l\u2019investissement global est \u00e9valu\u00e9 \u00e0 12 M $, pr\u00e9voit aussi l\u2019agrandissement et la mise \u00e0 niveau d\u00e9finitive \u00e0 une classification 3 \u00e9toiles (ou \u00e9quivalent) du Beatnik Hotel (appartenant \u00e0 BALNEA), actuellement de 22 chambres \u00e0 46 chambres, incluant 2 salles de s\u00e9jour et de r\u00e9union totalisant 100 personnes. Ces travaux d\u00e9buteront en 2024.<\/p>\n<p><strong>\u00c0 propos de BALNEA<br \/>\n<\/strong>Depuis 2005, BALNEA spa + r\u00e9serve thermale red\u00e9finit l\u2019art de la d\u00e9tente et innove dans son design contemporain, dans la planification du service invit\u00e9 et de l\u2019exp\u00e9rience \u00ab\u2009tout inclus\u2009\u00bb dans une ambiance \u00e9pur\u00e9e tant au niveau sonore, olfactif que visuel, livr\u00e9 en toute reconnaissance et authenticit\u00e9. Le restaurant LUMAMI offre quant \u00e0 lui une fine cuisine sant\u00e9 et cr\u00e9ative, un design soign\u00e9 et chaleureux ainsi qu\u2019un service attentionn\u00e9 pour une exp\u00e9rience gourmande unique, dont les plats de saison sont inspir\u00e9s des r\u00e9coltes mara\u00eech\u00e8res des jardins BALNEA.<\/p>\n<p>BALNEA est situ\u00e9 au c\u0153ur d\u2019une for\u00eat prot\u00e9g\u00e9e, soit le Parc des Sommets de Bromont, dans le r\u00e9seau du lac Gale. Il s\u2019agit d\u2019un espace nature de plus de 600 acres, incluant 22 km de sentiers, o\u00f9 l\u2019on d\u00e9couvre une vari\u00e9t\u00e9 faunique rare et une flore diversifi\u00e9e dont certaines esp\u00e8ces menac\u00e9es, de magnifiques points de vue sur les Appalaches et un lac d\u2019une grande puret\u00e9. Ces sentiers sont pris\u00e9s par les adeptes de randonn\u00e9es m\u00e9ditatives, silencieuses et contemplatives au c\u0153ur de la nature.<\/p>\n<p><strong>\u00c0 propos de MacKay-Lyons Sweetapple Architects<br \/>\n<\/strong><a href=\"https:\/\/www.mlsarchitects.ca\/\">MacKay-Lyons Sweetapple Architects<\/a> est principalement bas\u00e9 \u00e0 Halifax et Lunenburg en Nouvelle-\u00c9cosse au Canada et compte des bureaux ext\u00e9rieurs en Oregon et \u00e0 Denver aux \u00c9tats-Unis. Le cabinet travaille, autant sur le plan local qu\u2019international, sur des projets culturels, acad\u00e9miques et r\u00e9sidentiels et fournit des services complets en architecture, en design d\u2019int\u00e9rieur et en design urbain. Fort d\u2019une pratique de plus de 30 ans, le cabinet s\u2019est b\u00e2ti une r\u00e9putation internationale d\u2019excellence en mati\u00e8re de design, soutenue par l\u2019obtention de 160 prix, 700 publications et 100 expositions. MacKay-Lyons Sweetapple est fier de s\u2019associer \u00e0 l\u2019architecte montr\u00e9alais \u00c9tienne Lemay, fondateur d\u2019Architecture \u00c9cologique, dans le cadre du projet d\u2019agrandissement de BALNEA.<\/p>\n<p style=\"text-align: center;\">&#8211; 30 &#8211;<\/p>\n<p><strong>Source\u00a0:<\/strong><br \/>\nBALNEA spa + r\u00e9serve thermale<\/p>\n<p><strong>Pour toute demande d\u2019information suppl\u00e9mentaire ou pour planifier une entrevue, veuillez communiquer avec\u00a0 :<\/strong><br \/>\nCyrielle Guillaume<br \/>\nOui l\u2019agence<br \/>\n514 430-6825<br \/>\ncyrielle@ouilagence.com<\/p>\n<\/div>\n<\/div>\n<\/div>\n<\/div>\n<\/div>\n<div  class=\"one withsmallpadding ppb_text\" style=\"text-align:left;padding:30px 0 30px 0;\" >\n<div class=\"standard_wrapper\">\n<div class=\"page_content_wrapper wide\">\n<div class=\"inner\">\n<div style=\"margin:auto;width:100%\">\n<h1><strong>BALNEA spa + r\u00e9serve thermale se dote de nouvelles installations uniques offrant une exp\u00e9rience toujours plus immersive et d\u00e9paysante au c\u0153ur de la nature<\/strong><\/h1>\n<p><strong>Bromont, le 8 novembre 2023<\/strong> \u2013 BALNEA spa + r\u00e9serve thermale est heureux d\u2019annoncer l\u2019ajout, \u00e0 ses installations ext\u00e9rieures, d\u2019un tout nouveau bain infini \u00e0 remous d\u2019une largeur de 70 pieds offrant un point de vue vertigineux sur le lac Gale et les Appalaches. La compl\u00e9tion de cette nouvelle installation constitue une \u00e9tape phare d\u2019un important projet d\u2019expansion de la destination BALNEA totalisant 12 millions $, soutenu financi\u00e8rement \u00e0 hauteur de 5 M $, par le Minist\u00e8re du Tourisme du Qu\u00e9bec via le <a href=\"https:\/\/www.quebec.ca\/programme-complet\">Programme d\u2019aide \u00e0 la relance de l\u2019industrie touristique (PARIT)<\/a>.<\/p>\n<p><strong>L\u2019art de la d\u00e9tente r\u00e9invent\u00e9<br \/>\n<\/strong>Depuis ses d\u00e9buts, BALNEA nourrit la vision d\u2019\u00e9largir ses installations et son offre touristique pour proposer des s\u00e9jours plus longs et multi-activit\u00e9s \u00e0 ses invit\u00e9s afin de leur faire profiter d\u2019un d\u00e9paysement complet gr\u00e2ce \u00e0 la grandeur et \u00e0 la splendeur de son site en plein c\u0153ur de la nature. Le plan de d\u00e9veloppement de la destination inclut aussi un volet agrotouristique qui a r\u00e9cemment vu le jour par la mise en place de jardins mara\u00eechers et d\u2019une serre hivernale destin\u00e9s \u00e0 approvisionner le restaurant du spa, le LUMAMI, en l\u00e9gumes frais \u00e0 l\u2019ann\u00e9e longue.<\/p>\n<p><strong>Une salle de repos unique effet plage<br \/>\n<\/strong>En cours de saison hivernale, les invit\u00e9s d\u00e9couvriront sous le nouveau bain infini, une salle de repos quatre saisons au concept exclusif. Celle-ci leur permettra de s\u2019allonger dans le sable fin et d\u2019exp\u00e9rimenter une d\u00e9tente digne d\u2019un s\u00e9jour \u00e0 la plage, sous les chauds et r\u00e9confortants rayons du soleil.<\/p>\n<p>\u00ab Cette salle fera litt\u00e9ralement voyager les invit\u00e9s alors que, pieds nus dans le sable, ils vivront une exp\u00e9rience immersive rappelant \u00e0 s\u2019y m\u00e9prendre celle d\u2019un s\u00e9jour \u00e0 la plage sous le soleil\u2026mais \u00e0 Bromont. \u00bb, affirme Denis Laframboise, pr\u00e9sident de BALNEA spa + r\u00e9serve thermale<\/p>\n<p><strong>Un projet durable<br \/>\n<\/strong>La conception des nouvelles installations a \u00e9t\u00e9 r\u00e9alis\u00e9e en collaboration avec MacKay-Lyons Sweetapple Architects, qui a \u00e9t\u00e9 retenu comme partenaire pour la qualit\u00e9 de ses m\u00e9thodes \u00e0 faibles impacts environnementaux, aspect primordial pour BALNEA. Le projet d\u2019agrandissement des installations du spa inclut aussi de nouvelles installations de traitement des eaux us\u00e9es d\u00e9j\u00e0 mises en place au printemps 2023 et l\u2019ajout de chauffage \u00e0 la biomasse \u00e0 venir en 2024.<\/p>\n<p>Une nouvelle terrasse adjacente au bain infini ainsi que la serre hivernale seront d\u2019ailleurs chauff\u00e9es \u00e0 partir de la r\u00e9cup\u00e9ration de la chaleur perdue des salles m\u00e9caniques.<\/p>\n<p><strong>Agrandissement du Beatnik Hotel<br \/>\n<\/strong>La premi\u00e8re phase de ce projet dont l\u2019investissement global est \u00e9valu\u00e9 \u00e0 12 M $, pr\u00e9voit aussi l\u2019agrandissement et la mise \u00e0 niveau d\u00e9finitive \u00e0 une classification 3 \u00e9toiles (ou \u00e9quivalent) du Beatnik Hotel (appartenant \u00e0 BALNEA), actuellement de 22 chambres \u00e0 46 chambres, incluant 2 salles de s\u00e9jour et de r\u00e9union totalisant 100 personnes. Ces travaux d\u00e9buteront en 2024.<\/p>\n<p><strong>\u00c0 propos de BALNEA<br \/>\n<\/strong>Depuis 2005, BALNEA spa + r\u00e9serve thermale red\u00e9finit l\u2019art de la d\u00e9tente et innove dans son design contemporain, dans la planification du service invit\u00e9 et de l\u2019exp\u00e9rience \u00ab\u2009tout inclus\u2009\u00bb dans une ambiance \u00e9pur\u00e9e tant au niveau sonore, olfactif que visuel, livr\u00e9 en toute reconnaissance et authenticit\u00e9. Le restaurant LUMAMI offre quant \u00e0 lui une fine cuisine sant\u00e9 et cr\u00e9ative, un design soign\u00e9 et chaleureux ainsi qu\u2019un service attentionn\u00e9 pour une exp\u00e9rience gourmande unique, dont les plats de saison sont inspir\u00e9s des r\u00e9coltes mara\u00eech\u00e8res des jardins BALNEA.<\/p>\n<p>BALNEA est situ\u00e9 au c\u0153ur d\u2019une for\u00eat prot\u00e9g\u00e9e, soit le Parc des Sommets de Bromont, dans le r\u00e9seau du lac Gale. Il s\u2019agit d\u2019un espace nature de plus de 600 acres, incluant 22 km de sentiers, o\u00f9 l\u2019on d\u00e9couvre une vari\u00e9t\u00e9 faunique rare et une flore diversifi\u00e9e dont certaines esp\u00e8ces menac\u00e9es, de magnifiques points de vue sur les Appalaches et un lac d\u2019une grande puret\u00e9. Ces sentiers sont pris\u00e9s par les adeptes de randonn\u00e9es m\u00e9ditatives, silencieuses et contemplatives au c\u0153ur de la nature.<\/p>\n<p><strong>\u00c0 propos de MacKay-Lyons Sweetapple Architects<br \/>\n<\/strong><a href=\"https:\/\/www.mlsarchitects.ca\/\">MacKay-Lyons Sweetapple Architects<\/a> est principalement bas\u00e9 \u00e0 Halifax et Lunenburg en Nouvelle-\u00c9cosse au Canada et compte des bureaux ext\u00e9rieurs en Oregon et \u00e0 Denver aux \u00c9tats-Unis. Le cabinet travaille, autant sur le plan local qu\u2019international, sur des projets culturels, acad\u00e9miques et r\u00e9sidentiels et fournit des services complets en architecture, en design d\u2019int\u00e9rieur et en design urbain. Fort d\u2019une pratique de plus de 30 ans, le cabinet s\u2019est b\u00e2ti une r\u00e9putation internationale d\u2019excellence en mati\u00e8re de design, soutenue par l\u2019obtention de 160 prix, 700 publications et 100 expositions. MacKay-Lyons Sweetapple est fier de s\u2019associer \u00e0 l\u2019architecte montr\u00e9alais \u00c9tienne Lemay, fondateur d\u2019Architecture \u00c9cologique, dans le cadre du projet d\u2019agrandissement de BALNEA.<\/p>\n<p style=\"text-align: center;\">&#8211; 30 &#8211;<\/p>\n<p><strong>Source\u00a0:<\/strong><br \/>\nBALNEA spa + r\u00e9serve thermale<\/p>\n<p><strong>Pour toute demande d\u2019information suppl\u00e9mentaire ou pour planifier une entrevue, veuillez communiquer avec\u00a0 :<\/strong><br \/>\nCyrielle Guillaume<br \/>\nOui l\u2019agence<br \/>\n514 430-6825<br \/>\ncyrielle@ouilagence.com<\/p>\n<\/div>\n<\/div>\n<\/div>\n<\/div>\n<\/div>\n<div  class=\"one withsmallpadding ppb_text\" style=\"text-align:left;padding:30px 0 30px 0;\" >\n<div class=\"standard_wrapper\">\n<div class=\"page_content_wrapper wide\">\n<div class=\"inner\">\n<div style=\"margin:auto;width:100%\">\n<h1><strong>BALNEA spa + r\u00e9serve thermale se dote de nouvelles installations uniques offrant une exp\u00e9rience toujours plus immersive et d\u00e9paysante au c\u0153ur de la nature<\/strong><\/h1>\n<p><strong>Bromont, le 8 novembre 2023<\/strong> \u2013 BALNEA spa + r\u00e9serve thermale est heureux d\u2019annoncer l\u2019ajout, \u00e0 ses installations ext\u00e9rieures, d\u2019un tout nouveau bain infini \u00e0 remous d\u2019une largeur de 70 pieds offrant un point de vue vertigineux sur le lac Gale et les Appalaches. La compl\u00e9tion de cette nouvelle installation constitue une \u00e9tape phare d\u2019un important projet d\u2019expansion de la destination BALNEA totalisant 12 millions $, soutenu financi\u00e8rement \u00e0 hauteur de 5 M $, par le Minist\u00e8re du Tourisme du Qu\u00e9bec via le <a href=\"https:\/\/www.quebec.ca\/programme-complet\">Programme d\u2019aide \u00e0 la relance de l\u2019industrie touristique (PARIT)<\/a>.<\/p>\n<p><strong>L\u2019art de la d\u00e9tente r\u00e9invent\u00e9<br \/>\n<\/strong>Depuis ses d\u00e9buts, BALNEA nourrit la vision d\u2019\u00e9largir ses installations et son offre touristique pour proposer des s\u00e9jours plus longs et multi-activit\u00e9s \u00e0 ses invit\u00e9s afin de leur faire profiter d\u2019un d\u00e9paysement complet gr\u00e2ce \u00e0 la grandeur et \u00e0 la splendeur de son site en plein c\u0153ur de la nature. Le plan de d\u00e9veloppement de la destination inclut aussi un volet agrotouristique qui a r\u00e9cemment vu le jour par la mise en place de jardins mara\u00eechers et d\u2019une serre hivernale destin\u00e9s \u00e0 approvisionner le restaurant du spa, le LUMAMI, en l\u00e9gumes frais \u00e0 l\u2019ann\u00e9e longue.<\/p>\n<p><strong>Une salle de repos unique effet plage<br \/>\n<\/strong>En cours de saison hivernale, les invit\u00e9s d\u00e9couvriront sous le nouveau bain infini, une salle de repos quatre saisons au concept exclusif. Celle-ci leur permettra de s\u2019allonger dans le sable fin et d\u2019exp\u00e9rimenter une d\u00e9tente digne d\u2019un s\u00e9jour \u00e0 la plage, sous les chauds et r\u00e9confortants rayons du soleil.<\/p>\n<p>\u00ab Cette salle fera litt\u00e9ralement voyager les invit\u00e9s alors que, pieds nus dans le sable, ils vivront une exp\u00e9rience immersive rappelant \u00e0 s\u2019y m\u00e9prendre celle d\u2019un s\u00e9jour \u00e0 la plage sous le soleil\u2026mais \u00e0 Bromont. \u00bb, affirme Denis Laframboise, pr\u00e9sident de BALNEA spa + r\u00e9serve thermale<\/p>\n<p><strong>Un projet durable<br \/>\n<\/strong>La conception des nouvelles installations a \u00e9t\u00e9 r\u00e9alis\u00e9e en collaboration avec MacKay-Lyons Sweetapple Architects, qui a \u00e9t\u00e9 retenu comme partenaire pour la qualit\u00e9 de ses m\u00e9thodes \u00e0 faibles impacts environnementaux, aspect primordial pour BALNEA. Le projet d\u2019agrandissement des installations du spa inclut aussi de nouvelles installations de traitement des eaux us\u00e9es d\u00e9j\u00e0 mises en place au printemps 2023 et l\u2019ajout de chauffage \u00e0 la biomasse \u00e0 venir en 2024.<\/p>\n<p>Une nouvelle terrasse adjacente au bain infini ainsi que la serre hivernale seront d\u2019ailleurs chauff\u00e9es \u00e0 partir de la r\u00e9cup\u00e9ration de la chaleur perdue des salles m\u00e9caniques.<\/p>\n<p><strong>Agrandissement du Beatnik Hotel<br \/>\n<\/strong>La premi\u00e8re phase de ce projet dont l\u2019investissement global est \u00e9valu\u00e9 \u00e0 12 M $, pr\u00e9voit aussi l\u2019agrandissement et la mise \u00e0 niveau d\u00e9finitive \u00e0 une classification 3 \u00e9toiles (ou \u00e9quivalent) du Beatnik Hotel (appartenant \u00e0 BALNEA), actuellement de 22 chambres \u00e0 46 chambres, incluant 2 salles de s\u00e9jour et de r\u00e9union totalisant 100 personnes. Ces travaux d\u00e9buteront en 2024.<\/p>\n<p><strong>\u00c0 propos de BALNEA<br \/>\n<\/strong>Depuis 2005, BALNEA spa + r\u00e9serve thermale red\u00e9finit l\u2019art de la d\u00e9tente et innove dans son design contemporain, dans la planification du service invit\u00e9 et de l\u2019exp\u00e9rience \u00ab\u2009tout inclus\u2009\u00bb dans une ambiance \u00e9pur\u00e9e tant au niveau sonore, olfactif que visuel, livr\u00e9 en toute reconnaissance et authenticit\u00e9. Le restaurant LUMAMI offre quant \u00e0 lui une fine cuisine sant\u00e9 et cr\u00e9ative, un design soign\u00e9 et chaleureux ainsi qu\u2019un service attentionn\u00e9 pour une exp\u00e9rience gourmande unique, dont les plats de saison sont inspir\u00e9s des r\u00e9coltes mara\u00eech\u00e8res des jardins BALNEA.<\/p>\n<p>BALNEA est situ\u00e9 au c\u0153ur d\u2019une for\u00eat prot\u00e9g\u00e9e, soit le Parc des Sommets de Bromont, dans le r\u00e9seau du lac Gale. Il s\u2019agit d\u2019un espace nature de plus de 600 acres, incluant 22 km de sentiers, o\u00f9 l\u2019on d\u00e9couvre une vari\u00e9t\u00e9 faunique rare et une flore diversifi\u00e9e dont certaines esp\u00e8ces menac\u00e9es, de magnifiques points de vue sur les Appalaches et un lac d\u2019une grande puret\u00e9. Ces sentiers sont pris\u00e9s par les adeptes de randonn\u00e9es m\u00e9ditatives, silencieuses et contemplatives au c\u0153ur de la nature.<\/p>\n<p><strong>\u00c0 propos de MacKay-Lyons Sweetapple Architects<br \/>\n<\/strong><a href=\"https:\/\/www.mlsarchitects.ca\/\">MacKay-Lyons Sweetapple Architects<\/a> est principalement bas\u00e9 \u00e0 Halifax et Lunenburg en Nouvelle-\u00c9cosse au Canada et compte des bureaux ext\u00e9rieurs en Oregon et \u00e0 Denver aux \u00c9tats-Unis. Le cabinet travaille, autant sur le plan local qu\u2019international, sur des projets culturels, acad\u00e9miques et r\u00e9sidentiels et fournit des services complets en architecture, en design d\u2019int\u00e9rieur et en design urbain. Fort d\u2019une pratique de plus de 30 ans, le cabinet s\u2019est b\u00e2ti une r\u00e9putation internationale d\u2019excellence en mati\u00e8re de design, soutenue par l\u2019obtention de 160 prix, 700 publications et 100 expositions. MacKay-Lyons Sweetapple est fier de s\u2019associer \u00e0 l\u2019architecte montr\u00e9alais \u00c9tienne Lemay, fondateur d\u2019Architecture \u00c9cologique, dans le cadre du projet d\u2019agrandissement de BALNEA.<\/p>\n<p style=\"text-align: center;\">&#8211; 30 &#8211;<\/p>\n<p><strong>Source\u00a0:<\/strong><br \/>\nBALNEA spa + r\u00e9serve thermale<\/p>\n<p><strong>Pour toute demande d\u2019information suppl\u00e9mentaire ou pour planifier une entrevue, veuillez communiquer avec\u00a0 :<\/strong><br \/>\nCyrielle Guillaume<br \/>\nOui l\u2019agence<br \/>\n514 430-6825<br \/>\ncyrielle@ouilagence.com<\/p>\n<\/div>\n<\/div>\n<\/div>\n<\/div>\n<\/div>\n","protected":false},"excerpt":{"rendered":"<p>BALNEA spa + r\u00e9serve thermale se dote de nouvelles installations uniques offrant une exp\u00e9rience toujours plus immersive et d\u00e9paysante au c\u0153ur de la nature Bromont, le 8 novembre 2023 \u2013 BALNEA spa + r\u00e9serve thermale est heureux d\u2019annoncer l\u2019ajout, \u00e0 [&hellip;]<\/p>\n","protected":false},"author":8231,"featured_media":448403,"parent":0,"menu_order":0,"comment_status":"closed","ping_status":"closed","template":"","meta":{"_acf_changed":false,"footnotes":""},"class_list":["post-448386","page","type-page","status-publish","has-post-thumbnail","hentry"],"acf":[],"yoast_head":"<!-- This site is optimized with the Yoast SEO plugin v27.3 - https:\/\/yoast.com\/product\/yoast-seo-wordpress\/ -->\n<title>COMMUNIQU\u00c9 DE PRESSE - Balnea<\/title>\n<meta name=\"robots\" content=\"index, follow, max-snippet:-1, max-image-preview:large, max-video-preview:-1\" \/>\n<link rel=\"canonical\" href=\"https:\/\/www.balnea.ca\/en\/annonce8novembre2023\/\" \/>\n<meta property=\"og:locale\" content=\"en_US\" \/>\n<meta property=\"og:type\" content=\"article\" \/>\n<meta property=\"og:title\" content=\"COMMUNIQU\u00c9 DE PRESSE - Balnea\" \/>\n<meta property=\"og:description\" content=\"BALNEA spa + r\u00e9serve thermale se dote de nouvelles installations uniques offrant une exp\u00e9rience toujours plus immersive et d\u00e9paysante au c\u0153ur de la nature Bromont, le 8 novembre 2023 \u2013 BALNEA spa + r\u00e9serve thermale est heureux d\u2019annoncer l\u2019ajout, \u00e0 [&hellip;]\" \/>\n<meta property=\"og:url\" content=\"https:\/\/www.balnea.ca\/en\/annonce8novembre2023\/\" \/>\n<meta property=\"og:site_name\" content=\"Balnea\" \/>\n<meta property=\"article:modified_time\" content=\"2023-11-08T19:35:17+00:00\" \/>\n<meta property=\"og:image\" content=\"https:\/\/www.balnea.ca\/wp-content\/uploads\/2023\/11\/Balnea_Automne_1920x1044_1-1.jpg\" \/>\n\t<meta property=\"og:image:width\" content=\"1920\" \/>\n\t<meta property=\"og:image:height\" content=\"1044\" \/>\n\t<meta property=\"og:image:type\" content=\"image\/jpeg\" \/>\n<meta name=\"twitter:card\" content=\"summary_large_image\" \/>\n<meta name=\"twitter:label1\" content=\"Est. reading time\" \/>\n\t<meta name=\"twitter:data1\" content=\"13 minutes\" \/>\n<script type=\"application\/ld+json\" class=\"yoast-schema-graph\">{\"@context\":\"https:\\\/\\\/schema.org\",\"@graph\":[{\"@type\":\"WebPage\",\"@id\":\"https:\\\/\\\/www.balnea.ca\\\/en\\\/annonce8novembre2023\\\/\",\"url\":\"https:\\\/\\\/www.balnea.ca\\\/en\\\/annonce8novembre2023\\\/\",\"name\":\"COMMUNIQU\u00c9 DE PRESSE - Balnea\",\"isPartOf\":{\"@id\":\"https:\\\/\\\/www.balnea.ca\\\/en\\\/#website\"},\"primaryImageOfPage\":{\"@id\":\"https:\\\/\\\/www.balnea.ca\\\/en\\\/annonce8novembre2023\\\/#primaryimage\"},\"image\":{\"@id\":\"https:\\\/\\\/www.balnea.ca\\\/en\\\/annonce8novembre2023\\\/#primaryimage\"},\"thumbnailUrl\":\"https:\\\/\\\/www.balnea.ca\\\/wp-content\\\/uploads\\\/2023\\\/11\\\/Balnea_Automne_1920x1044_1-1.jpg\",\"datePublished\":\"2023-11-08T18:34:48+00:00\",\"dateModified\":\"2023-11-08T19:35:17+00:00\",\"breadcrumb\":{\"@id\":\"https:\\\/\\\/www.balnea.ca\\\/en\\\/annonce8novembre2023\\\/#breadcrumb\"},\"inLanguage\":\"en-US\",\"potentialAction\":[{\"@type\":\"ReadAction\",\"target\":[\"https:\\\/\\\/www.balnea.ca\\\/en\\\/annonce8novembre2023\\\/\"]}]},{\"@type\":\"ImageObject\",\"inLanguage\":\"en-US\",\"@id\":\"https:\\\/\\\/www.balnea.ca\\\/en\\\/annonce8novembre2023\\\/#primaryimage\",\"url\":\"https:\\\/\\\/www.balnea.ca\\\/wp-content\\\/uploads\\\/2023\\\/11\\\/Balnea_Automne_1920x1044_1-1.jpg\",\"contentUrl\":\"https:\\\/\\\/www.balnea.ca\\\/wp-content\\\/uploads\\\/2023\\\/11\\\/Balnea_Automne_1920x1044_1-1.jpg\",\"width\":1920,\"height\":1044},{\"@type\":\"BreadcrumbList\",\"@id\":\"https:\\\/\\\/www.balnea.ca\\\/en\\\/annonce8novembre2023\\\/#breadcrumb\",\"itemListElement\":[{\"@type\":\"ListItem\",\"position\":1,\"name\":\"Home\",\"item\":\"https:\\\/\\\/www.balnea.ca\\\/en\\\/\"},{\"@type\":\"ListItem\",\"position\":2,\"name\":\"COMMUNIQU\u00c9 DE PRESSE\"}]},{\"@type\":\"WebSite\",\"@id\":\"https:\\\/\\\/www.balnea.ca\\\/en\\\/#website\",\"url\":\"https:\\\/\\\/www.balnea.ca\\\/en\\\/\",\"name\":\"Balnea\",\"description\":\"Spa + r\u00e9serve thermale\",\"potentialAction\":[{\"@type\":\"SearchAction\",\"target\":{\"@type\":\"EntryPoint\",\"urlTemplate\":\"https:\\\/\\\/www.balnea.ca\\\/en\\\/?s={search_term_string}\"},\"query-input\":{\"@type\":\"PropertyValueSpecification\",\"valueRequired\":true,\"valueName\":\"search_term_string\"}}],\"inLanguage\":\"en-US\"}]}<\/script>\n<!-- \/ Yoast SEO plugin. -->","yoast_head_json":{"title":"COMMUNIQU\u00c9 DE PRESSE - Balnea","robots":{"index":"index","follow":"follow","max-snippet":"max-snippet:-1","max-image-preview":"max-image-preview:large","max-video-preview":"max-video-preview:-1"},"canonical":"https:\/\/www.balnea.ca\/en\/annonce8novembre2023\/","og_locale":"en_US","og_type":"article","og_title":"COMMUNIQU\u00c9 DE PRESSE - Balnea","og_description":"BALNEA spa + r\u00e9serve thermale se dote de nouvelles installations uniques offrant une exp\u00e9rience toujours plus immersive et d\u00e9paysante au c\u0153ur de la nature Bromont, le 8 novembre 2023 \u2013 BALNEA spa + r\u00e9serve thermale est heureux d\u2019annoncer l\u2019ajout, \u00e0 [&hellip;]","og_url":"https:\/\/www.balnea.ca\/en\/annonce8novembre2023\/","og_site_name":"Balnea","article_modified_time":"2023-11-08T19:35:17+00:00","og_image":[{"width":1920,"height":1044,"url":"https:\/\/www.balnea.ca\/wp-content\/uploads\/2023\/11\/Balnea_Automne_1920x1044_1-1.jpg","type":"image\/jpeg"}],"twitter_card":"summary_large_image","twitter_misc":{"Est. reading time":"13 minutes"},"schema":{"@context":"https:\/\/schema.org","@graph":[{"@type":"WebPage","@id":"https:\/\/www.balnea.ca\/en\/annonce8novembre2023\/","url":"https:\/\/www.balnea.ca\/en\/annonce8novembre2023\/","name":"COMMUNIQU\u00c9 DE PRESSE - Balnea","isPartOf":{"@id":"https:\/\/www.balnea.ca\/en\/#website"},"primaryImageOfPage":{"@id":"https:\/\/www.balnea.ca\/en\/annonce8novembre2023\/#primaryimage"},"image":{"@id":"https:\/\/www.balnea.ca\/en\/annonce8novembre2023\/#primaryimage"},"thumbnailUrl":"https:\/\/www.balnea.ca\/wp-content\/uploads\/2023\/11\/Balnea_Automne_1920x1044_1-1.jpg","datePublished":"2023-11-08T18:34:48+00:00","dateModified":"2023-11-08T19:35:17+00:00","breadcrumb":{"@id":"https:\/\/www.balnea.ca\/en\/annonce8novembre2023\/#breadcrumb"},"inLanguage":"en-US","potentialAction":[{"@type":"ReadAction","target":["https:\/\/www.balnea.ca\/en\/annonce8novembre2023\/"]}]},{"@type":"ImageObject","inLanguage":"en-US","@id":"https:\/\/www.balnea.ca\/en\/annonce8novembre2023\/#primaryimage","url":"https:\/\/www.balnea.ca\/wp-content\/uploads\/2023\/11\/Balnea_Automne_1920x1044_1-1.jpg","contentUrl":"https:\/\/www.balnea.ca\/wp-content\/uploads\/2023\/11\/Balnea_Automne_1920x1044_1-1.jpg","width":1920,"height":1044},{"@type":"BreadcrumbList","@id":"https:\/\/www.balnea.ca\/en\/annonce8novembre2023\/#breadcrumb","itemListElement":[{"@type":"ListItem","position":1,"name":"Home","item":"https:\/\/www.balnea.ca\/en\/"},{"@type":"ListItem","position":2,"name":"COMMUNIQU\u00c9 DE PRESSE"}]},{"@type":"WebSite","@id":"https:\/\/www.balnea.ca\/en\/#website","url":"https:\/\/www.balnea.ca\/en\/","name":"Balnea","description":"Spa + r\u00e9serve thermale","potentialAction":[{"@type":"SearchAction","target":{"@type":"EntryPoint","urlTemplate":"https:\/\/www.balnea.ca\/en\/?s={search_term_string}"},"query-input":{"@type":"PropertyValueSpecification","valueRequired":true,"valueName":"search_term_string"}}],"inLanguage":"en-US"}]}},"_links":{"self":[{"href":"https:\/\/www.balnea.ca\/en\/wp-json\/wp\/v2\/pages\/448386","targetHints":{"allow":["GET"]}}],"collection":[{"href":"https:\/\/www.balnea.ca\/en\/wp-json\/wp\/v2\/pages"}],"about":[{"href":"https:\/\/www.balnea.ca\/en\/wp-json\/wp\/v2\/types\/page"}],"author":[{"embeddable":true,"href":"https:\/\/www.balnea.ca\/en\/wp-json\/wp\/v2\/users\/8231"}],"replies":[{"embeddable":true,"href":"https:\/\/www.balnea.ca\/en\/wp-json\/wp\/v2\/comments?post=448386"}],"version-history":[{"count":5,"href":"https:\/\/www.balnea.ca\/en\/wp-json\/wp\/v2\/pages\/448386\/revisions"}],"predecessor-version":[{"id":448435,"href":"https:\/\/www.balnea.ca\/en\/wp-json\/wp\/v2\/pages\/448386\/revisions\/448435"}],"wp:featuredmedia":[{"embeddable":true,"href":"https:\/\/www.balnea.ca\/en\/wp-json\/wp\/v2\/media\/448403"}],"wp:attachment":[{"href":"https:\/\/www.balnea.ca\/en\/wp-json\/wp\/v2\/media?parent=448386"}],"curies":[{"name":"wp","href":"https:\/\/api.w.org\/{rel}","templated":true}]}}